{"id":1300,"date":"2018-06-01T11:50:25","date_gmt":"2018-06-01T11:50:25","guid":{"rendered":"http:\/\/dalia.elated-themes.com\/?page_id=1300"},"modified":"2025-09-04T13:59:28","modified_gmt":"2025-09-04T13:59:28","slug":"anarma-adzic-akademija","status":"publish","type":"page","link":"https:\/\/anarma-adzic-akademija.si\/it\/anarma-adzic-akademija\/","title":{"rendered":"Su di me"},"content":{"rendered":"<div class=\"eltdf-row-grid-section-wrapper\"  ><div class=\"eltdf-row-grid-section\"><div class=\"vc_row wpb_row vc_row-fluid vc_custom_1529581602711\" ><div class=\"wpb_column vc_column_container vc_col-sm-12\"><div class=\"vc_column-inner\"><div class=\"wpb_wrapper\"><div class=\"eltdf-section-title-holder  eltdf-st-standard eltdf-st-title-left\" style=\"text-align: center\">\n\t<div class=\"eltdf-st-inner\">\n\t\t\t\t\t\t\t<h2 class=\"eltdf-st-title\" style=\"color: #d1b5a7\">\n\t\t\t\tSU DI ME\t\t\t<\/h2>\n\t\t\t\t\t\t\t<p class=\"eltdf-st-text\" >\n\t\t\t\tL'arte della bellezza sta nei dettagli e nella professionalit\u00e0, perch\u00e9 la perfezione non \u00e8 un caso ma il risultato della conoscenza, dell'esperienza e dell'amore per il lavoro che si fa.\t\t\t<\/p>\n\t\t\t<\/div>\n<\/div><\/div><\/div><\/div><\/div><\/div><\/div><div class=\"eltdf-row-grid-section-wrapper\"  ><div class=\"eltdf-row-grid-section\"><div class=\"vc_row wpb_row vc_row-fluid vc_custom_1527856421073\" ><div class=\"wpb_column vc_column_container vc_col-sm-12\"><div class=\"vc_column-inner\"><div class=\"wpb_wrapper\"><div class=\"eltdf-elements-holder   eltdf-one-column  eltdf-responsive-mode-768\" ><div class=\"eltdf-eh-item\"  data-item-class=\"eltdf-eh-custom-2975\">\n\t<div class=\"eltdf-eh-item-inner\">\n\t\t<div class=\"eltdf-eh-item-content eltdf-eh-custom-2975\" style=\"padding: 0px 0px 0px 40px\">\n\t\t\t<div class=\"eltdf-single-image-holder\">\n    <div class=\"eltdf-si-inner\" >\n                                                            <\/div>\n<\/div><div class=\"eltdf-team-holder eltdf-team-info-below-image\">\n\t<div class=\"eltdf-team-inner\">\n\t\t\t\t\t<a itemprop=\"url\" href=\"#\" target=\"_blank\">\n\t\t\t\t\t\t\t<div class=\"eltdf-team-image\">\n                <img loading=\"lazy\" decoding=\"async\" width=\"1707\" height=\"2560\" src=\"https:\/\/anarma-adzic-akademija.si\/wpaa\/wp-content\/uploads\/2025\/01\/vanifoto-943-Edit-scaled.jpg\" class=\"attachment-full size-full\" alt=\"\" srcset=\"https:\/\/anarma-adzic-akademija.si\/wpaa\/wp-content\/uploads\/2025\/01\/vanifoto-943-Edit-scaled.jpg 1707w, https:\/\/anarma-adzic-akademija.si\/wpaa\/wp-content\/uploads\/2025\/01\/vanifoto-943-Edit-200x300.jpg 200w, https:\/\/anarma-adzic-akademija.si\/wpaa\/wp-content\/uploads\/2025\/01\/vanifoto-943-Edit-683x1024.jpg 683w, https:\/\/anarma-adzic-akademija.si\/wpaa\/wp-content\/uploads\/2025\/01\/vanifoto-943-Edit-768x1152.jpg 768w, https:\/\/anarma-adzic-akademija.si\/wpaa\/wp-content\/uploads\/2025\/01\/vanifoto-943-Edit-1024x1536.jpg 1024w, https:\/\/anarma-adzic-akademija.si\/wpaa\/wp-content\/uploads\/2025\/01\/vanifoto-943-Edit-1365x2048.jpg 1365w\" sizes=\"auto, (max-width: 1707px) 100vw, 1707px\" \/>\t\t\t<\/div>\n\t\t\t\t\t\t\t<\/a>\n\t\t\t\t<div class=\"eltdf-team-info\">\n\t\t\t\t\t\t\t<span class=\"eltdf-team-position\" style=\"color: #848484\">ARTISTA<\/span>\n\t\t\t\t\t\t\t\t\t\t<h4 class=\"eltdf-team-name\" style=\"color: #2d2d2d\">ANARMA ADZIC<\/h4>\n\t\t\t\t\t\t\t\t\t\t<p class=\"eltdf-team-text\" >Anarma ritiene che un grande mentore debba dimostrare le proprie conoscenze nella pratica. Per questo motivo, oltre a gestire programmi di formazione di alta qualit\u00e0, continua a fornire personalmente i servizi pi\u00f9 impegnativi di estensione delle ciglia, modellamento delle sopracciglia e trucco permanente. La sua maestria \u00e8 confermata dalle numerose vittorie in concorsi internazionali nelle categorie ciglia e sopracciglia, che le hanno permesso di essere riconosciuta come una delle maggiori esperte del settore. In qualit\u00e0 di relatrice a prestigiose conferenze, condivide il suo patrimonio di conoscenze ed esperienze con professionisti di tutto il mondo ed \u00e8 spesso invitata a giudicare concorsi di bellezza, dove stabilisce standard elevati con il suo occhio meticoloso e la sua esperienza. La sua innovazione e le sue eccezionali capacit\u00e0 le hanno fatto guadagnare un ampio rispetto nel settore e la fiducia dei suoi studenti. Collabora con i maggiori esperti mondiali dell'industria della bellezza ed \u00e8 sempre aggiornata sulle ultime tendenze. Il suo impegno per la qualit\u00e0 \u00e8 evidente sia nel lavoro con i clienti che nel tutoraggio dei nuovi talenti. Nonostante i suoi impressionanti risultati, rimane genuina e disponibile, come dimostrano le numerose testimonianze positive dei suoi studenti e clienti. Gli studenti la descrivono come un mentore che ha cambiato la loro carriera, mentre i clienti ammirano la sua precisione e professionalit\u00e0. Con la sua combinazione unica di professionalit\u00e0, carisma ed empatia, Anarma crea un ambiente in cui il prestigio incontra il calore. Lavorare con lei significa lavorare con il meglio: un mentore che vi guider\u00e0 verso il successo e un'artista che capisce che la vera bellezza sta nella fiducia e nella soddisfazione dei suoi clienti. Se siete alla ricerca di ispirazione, conoscenza e risultati eccellenti, la visione di Anarma vi motiver\u00e0 a superare le aspettative e a brillare nel settore della bellezza.<\/p>\n\t\t\t\t\t\t\t\t<\/div>\n\t<\/div>\n<\/div><div class=\"vc_empty_space\"   style=\"height: 55px\"><span class=\"vc_empty_space_inner\"><\/span><\/div>\t\t<\/div>\n\t<\/div>\n<\/div><\/div><\/div><\/div><\/div><\/div><\/div><\/div>","protected":false},"excerpt":{"rendered":"SU DI ME L'arte della bellezza \u00e8 nei dettagli e nella professionalit\u00e0, perch\u00e9 la perfezione non \u00e8 un caso ma il risultato della conoscenza, dell'esperienza e dell'amore per il lavoro che si fa. ARTISTA ANARMA ADZIC Anarma crede che un grande mentore debba dimostrare le sue conoscenze nella pratica. Ecco perch\u00e9, oltre a gestire programmi di formazione di alta qualit\u00e0, continua a fornire personalmente i servizi pi\u00f9 impegnativi di extension delle ciglia, modellamento delle sopracciglia e trucco permanente. La sua maestria \u00e8 confermata dalle numerose vittorie in concorsi internazionali nelle categorie ciglia e sopracciglia, che le sono valse il riconoscimento di una delle maggiori esperte del settore. In qualit\u00e0 di relatrice a prestigiose conferenze, condivide il suo patrimonio di conoscenze ed esperienze con professionisti di tutto il mondo ed \u00e8 spesso invitata a giudicare concorsi di bellezza, dove stabilisce standard elevati con il suo occhio meticoloso e la sua esperienza. La sua innovazione e le sue eccezionali capacit\u00e0 le hanno fatto guadagnare un ampio rispetto nel settore e la fiducia dei suoi studenti. Collabora con i maggiori esperti mondiali dell'industria della bellezza ed \u00e8 sempre aggiornata sulle ultime tendenze. Il suo impegno per la qualit\u00e0 \u00e8 evidente sia nel lavoro con i clienti che nel tutoraggio dei nuovi talenti. Nonostante i suoi impressionanti risultati, rimane genuina e disponibile, come dimostrano le numerose testimonianze positive dei suoi studenti e clienti. Gli studenti la descrivono come un mentore che ha cambiato la loro carriera, mentre i clienti ammirano la sua precisione e professionalit\u00e0. Con la sua combinazione unica di professionalit\u00e0, carisma ed empatia, Anarma crea un ambiente in cui il prestigio incontra il calore. Lavorare con lei significa lavorare con il meglio: un mentore che vi guider\u00e0 verso il successo e un'artista che capisce che la vera bellezza sta nella fiducia e nella soddisfazione dei suoi clienti. Se siete alla ricerca di ispirazione, conoscenza e risultati eccellenti, la visione di Anarma vi motiver\u00e0 a superare le aspettative e a brillare nel settore della bellezza.","protected":false},"author":1,"featured_media":5491,"parent":0,"menu_order":0,"comment_status":"closed","ping_status":"closed","template":"full-width.php","meta":{"footnotes":""},"class_list":["post-1300","page","type-page","status-publish","has-post-thumbnail","hentry"],"yoast_head":"<!-- This site is optimized with the Yoast SEO plugin v24.3 - https:\/\/yoast.com\/wordpress\/plugins\/seo\/ -->\n<title>O meni - Akademija Anarma Ad\u017ei\u0107<\/title>\n<meta name=\"description\" content=\"Spoznajte Anarmo Ad\u017ei\u0107, strokovnjakinjo za podalj\u0161evanje trepalnic in ustanoviteljico Anarma Ad\u017ei\u0107 Akademije. Izku\u0161nje, strokovnost in predanost lepoti.\" \/>\n<meta name=\"robots\" content=\"index, follow, max-snippet:-1, max-image-preview:large, max-video-preview:-1\" \/>\n<link rel=\"canonical\" href=\"https:\/\/anarma-adzic-akademija.si\/it\/anarma-adzic-akademija\/\" \/>\n<meta property=\"og:locale\" content=\"it_IT\" \/>\n<meta property=\"og:type\" content=\"article\" \/>\n<meta property=\"og:title\" content=\"O meni - Akademija Anarma Ad\u017ei\u0107\" \/>\n<meta property=\"og:description\" content=\"Spoznajte Anarmo Ad\u017ei\u0107, strokovnjakinjo za podalj\u0161evanje trepalnic in ustanoviteljico Anarma Ad\u017ei\u0107 Akademije. Izku\u0161nje, strokovnost in predanost lepoti.\" \/>\n<meta property=\"og:url\" content=\"https:\/\/anarma-adzic-akademija.si\/it\/anarma-adzic-akademija\/\" \/>\n<meta property=\"og:site_name\" content=\"Akademija Anarma Ad\u017ei\u0107\" \/>\n<meta property=\"article:modified_time\" content=\"2025-09-04T13:59:28+00:00\" \/>\n<meta property=\"og:image\" content=\"https:\/\/anarma-adzic-akademija.si\/wpaa\/wp-content\/uploads\/2024\/07\/vanifoto-730-Edit-scaled.jpg\" \/>\n\t<meta property=\"og:image:width\" content=\"1707\" \/>\n\t<meta property=\"og:image:height\" content=\"2560\" \/>\n\t<meta property=\"og:image:type\" content=\"image\/jpeg\" \/>\n<meta name=\"twitter:card\" content=\"summary_large_image\" \/>\n<meta name=\"twitter:label1\" content=\"Tempo di lettura stimato\" \/>\n\t<meta name=\"twitter:data1\" content=\"2 minuti\" \/>\n<script type=\"application\/ld+json\" class=\"yoast-schema-graph\">{\"@context\":\"https:\/\/schema.org\",\"@graph\":[{\"@type\":\"WebPage\",\"@id\":\"https:\/\/anarma-adzic-akademija.si\/anarma-adzic-akademija\/\",\"url\":\"https:\/\/anarma-adzic-akademija.si\/anarma-adzic-akademija\/\",\"name\":\"O meni - Akademija Anarma Ad\u017ei\u0107\",\"isPartOf\":{\"@id\":\"https:\/\/anarma-adzic-akademija.si\/#website\"},\"primaryImageOfPage\":{\"@id\":\"https:\/\/anarma-adzic-akademija.si\/anarma-adzic-akademija\/#primaryimage\"},\"image\":{\"@id\":\"https:\/\/anarma-adzic-akademija.si\/anarma-adzic-akademija\/#primaryimage\"},\"thumbnailUrl\":\"https:\/\/anarma-adzic-akademija.si\/wpaa\/wp-content\/uploads\/2024\/07\/vanifoto-730-Edit-scaled.jpg\",\"datePublished\":\"2018-06-01T11:50:25+00:00\",\"dateModified\":\"2025-09-04T13:59:28+00:00\",\"description\":\"Spoznajte Anarmo Ad\u017ei\u0107, strokovnjakinjo za podalj\u0161evanje trepalnic in ustanoviteljico Anarma Ad\u017ei\u0107 Akademije. Izku\u0161nje, strokovnost in predanost lepoti.\",\"breadcrumb\":{\"@id\":\"https:\/\/anarma-adzic-akademija.si\/anarma-adzic-akademija\/#breadcrumb\"},\"inLanguage\":\"it-IT\",\"potentialAction\":[{\"@type\":\"ReadAction\",\"target\":[\"https:\/\/anarma-adzic-akademija.si\/anarma-adzic-akademija\/\"]}]},{\"@type\":\"ImageObject\",\"inLanguage\":\"it-IT\",\"@id\":\"https:\/\/anarma-adzic-akademija.si\/anarma-adzic-akademija\/#primaryimage\",\"url\":\"https:\/\/anarma-adzic-akademija.si\/wpaa\/wp-content\/uploads\/2024\/07\/vanifoto-730-Edit-scaled.jpg\",\"contentUrl\":\"https:\/\/anarma-adzic-akademija.si\/wpaa\/wp-content\/uploads\/2024\/07\/vanifoto-730-Edit-scaled.jpg\",\"width\":1707,\"height\":2560},{\"@type\":\"BreadcrumbList\",\"@id\":\"https:\/\/anarma-adzic-akademija.si\/anarma-adzic-akademija\/#breadcrumb\",\"itemListElement\":[{\"@type\":\"ListItem\",\"position\":1,\"name\":\"Home\",\"item\":\"https:\/\/anarma-adzic-akademija.si\/\"},{\"@type\":\"ListItem\",\"position\":2,\"name\":\"O meni\"}]},{\"@type\":\"WebSite\",\"@id\":\"https:\/\/anarma-adzic-akademija.si\/#website\",\"url\":\"https:\/\/anarma-adzic-akademija.si\/\",\"name\":\"Akademija Anarma Ad\u017ei\u0107\",\"description\":\"Podalj\u0161evanje trepalnic\",\"publisher\":{\"@id\":\"https:\/\/anarma-adzic-akademija.si\/#\/schema\/person\/8f17e81eca7fa443d53a1dee1c2d45de\"},\"potentialAction\":[{\"@type\":\"SearchAction\",\"target\":{\"@type\":\"EntryPoint\",\"urlTemplate\":\"https:\/\/anarma-adzic-akademija.si\/?s={search_term_string}\"},\"query-input\":{\"@type\":\"PropertyValueSpecification\",\"valueRequired\":true,\"valueName\":\"search_term_string\"}}],\"inLanguage\":\"it-IT\"},{\"@type\":[\"Person\",\"Organization\"],\"@id\":\"https:\/\/anarma-adzic-akademija.si\/#\/schema\/person\/8f17e81eca7fa443d53a1dee1c2d45de\",\"name\":\"Anarma Adzic\",\"image\":{\"@type\":\"ImageObject\",\"inLanguage\":\"it-IT\",\"@id\":\"https:\/\/anarma-adzic-akademija.si\/#\/schema\/person\/image\/\",\"url\":\"https:\/\/secure.gravatar.com\/avatar\/9699f1fc675dc916d820e5e4bc053ab4c1641831e31179154ca1d73fabd36751?s=96&d=mm&r=g\",\"contentUrl\":\"https:\/\/secure.gravatar.com\/avatar\/9699f1fc675dc916d820e5e4bc053ab4c1641831e31179154ca1d73fabd36751?s=96&d=mm&r=g\",\"caption\":\"Anarma Adzic\"},\"logo\":{\"@id\":\"https:\/\/anarma-adzic-akademija.si\/#\/schema\/person\/image\/\"}}]}<\/script>\n<!-- \/ Yoast SEO plugin. -->","yoast_head_json":{"title":"Chi sono - Accademia Anarma Ad\u017ei\u0107","description":"Vi presentiamo Anarma Ad\u017ei\u0107, esperta di extension ciglia e fondatrice dell'Accademia Anarma Ad\u017ei\u0107. Esperienza, competenza e impegno per la bellezza.","robots":{"index":"index","follow":"follow","max-snippet":"max-snippet:-1","max-image-preview":"max-image-preview:large","max-video-preview":"max-video-preview:-1"},"canonical":"https:\/\/anarma-adzic-akademija.si\/it\/anarma-adzic-akademija\/","og_locale":"it_IT","og_type":"article","og_title":"O meni - Akademija Anarma Ad\u017ei\u0107","og_description":"Spoznajte Anarmo Ad\u017ei\u0107, strokovnjakinjo za podalj\u0161evanje trepalnic in ustanoviteljico Anarma Ad\u017ei\u0107 Akademije. Izku\u0161nje, strokovnost in predanost lepoti.","og_url":"https:\/\/anarma-adzic-akademija.si\/it\/anarma-adzic-akademija\/","og_site_name":"Akademija Anarma Ad\u017ei\u0107","article_modified_time":"2025-09-04T13:59:28+00:00","og_image":[{"width":1707,"height":2560,"url":"https:\/\/anarma-adzic-akademija.si\/wpaa\/wp-content\/uploads\/2024\/07\/vanifoto-730-Edit-scaled.jpg","type":"image\/jpeg"}],"twitter_card":"summary_large_image","twitter_misc":{"Tempo di lettura stimato":"2 minuti"},"schema":{"@context":"https:\/\/schema.org","@graph":[{"@type":"WebPage","@id":"https:\/\/anarma-adzic-akademija.si\/anarma-adzic-akademija\/","url":"https:\/\/anarma-adzic-akademija.si\/anarma-adzic-akademija\/","name":"Chi sono - Accademia Anarma Ad\u017ei\u0107","isPartOf":{"@id":"https:\/\/anarma-adzic-akademija.si\/#website"},"primaryImageOfPage":{"@id":"https:\/\/anarma-adzic-akademija.si\/anarma-adzic-akademija\/#primaryimage"},"image":{"@id":"https:\/\/anarma-adzic-akademija.si\/anarma-adzic-akademija\/#primaryimage"},"thumbnailUrl":"https:\/\/anarma-adzic-akademija.si\/wpaa\/wp-content\/uploads\/2024\/07\/vanifoto-730-Edit-scaled.jpg","datePublished":"2018-06-01T11:50:25+00:00","dateModified":"2025-09-04T13:59:28+00:00","description":"Vi presentiamo Anarma Ad\u017ei\u0107, esperta di extension ciglia e fondatrice dell'Accademia Anarma Ad\u017ei\u0107. Esperienza, competenza e impegno per la bellezza.","breadcrumb":{"@id":"https:\/\/anarma-adzic-akademija.si\/anarma-adzic-akademija\/#breadcrumb"},"inLanguage":"it-IT","potentialAction":[{"@type":"ReadAction","target":["https:\/\/anarma-adzic-akademija.si\/anarma-adzic-akademija\/"]}]},{"@type":"ImageObject","inLanguage":"it-IT","@id":"https:\/\/anarma-adzic-akademija.si\/anarma-adzic-akademija\/#primaryimage","url":"https:\/\/anarma-adzic-akademija.si\/wpaa\/wp-content\/uploads\/2024\/07\/vanifoto-730-Edit-scaled.jpg","contentUrl":"https:\/\/anarma-adzic-akademija.si\/wpaa\/wp-content\/uploads\/2024\/07\/vanifoto-730-Edit-scaled.jpg","width":1707,"height":2560},{"@type":"BreadcrumbList","@id":"https:\/\/anarma-adzic-akademija.si\/anarma-adzic-akademija\/#breadcrumb","itemListElement":[{"@type":"ListItem","position":1,"name":"Home","item":"https:\/\/anarma-adzic-akademija.si\/"},{"@type":"ListItem","position":2,"name":"O meni"}]},{"@type":"WebSite","@id":"https:\/\/anarma-adzic-akademija.si\/#website","url":"https:\/\/anarma-adzic-akademija.si\/","name":"Accademia Anarma Ad\u017ei\u0107","description":"Estensione delle ciglia","publisher":{"@id":"https:\/\/anarma-adzic-akademija.si\/#\/schema\/person\/8f17e81eca7fa443d53a1dee1c2d45de"},"potentialAction":[{"@type":"SearchAction","target":{"@type":"EntryPoint","urlTemplate":"https:\/\/anarma-adzic-akademija.si\/?s={search_term_string}"},"query-input":{"@type":"PropertyValueSpecification","valueRequired":true,"valueName":"search_term_string"}}],"inLanguage":"it-IT"},{"@type":["Person","Organization"],"@id":"https:\/\/anarma-adzic-akademija.si\/#\/schema\/person\/8f17e81eca7fa443d53a1dee1c2d45de","name":"Anarma Adzic","image":{"@type":"ImageObject","inLanguage":"it-IT","@id":"https:\/\/anarma-adzic-akademija.si\/#\/schema\/person\/image\/","url":"https:\/\/secure.gravatar.com\/avatar\/9699f1fc675dc916d820e5e4bc053ab4c1641831e31179154ca1d73fabd36751?s=96&d=mm&r=g","contentUrl":"https:\/\/secure.gravatar.com\/avatar\/9699f1fc675dc916d820e5e4bc053ab4c1641831e31179154ca1d73fabd36751?s=96&d=mm&r=g","caption":"Anarma Adzic"},"logo":{"@id":"https:\/\/anarma-adzic-akademija.si\/#\/schema\/person\/image\/"}}]}},"_links":{"self":[{"href":"https:\/\/anarma-adzic-akademija.si\/it\/wp-json\/wp\/v2\/pages\/1300","targetHints":{"allow":["GET"]}}],"collection":[{"href":"https:\/\/anarma-adzic-akademija.si\/it\/wp-json\/wp\/v2\/pages"}],"about":[{"href":"https:\/\/anarma-adzic-akademija.si\/it\/wp-json\/wp\/v2\/types\/page"}],"author":[{"embeddable":true,"href":"https:\/\/anarma-adzic-akademija.si\/it\/wp-json\/wp\/v2\/users\/1"}],"replies":[{"embeddable":true,"href":"https:\/\/anarma-adzic-akademija.si\/it\/wp-json\/wp\/v2\/comments?post=1300"}],"version-history":[{"count":0,"href":"https:\/\/anarma-adzic-akademija.si\/it\/wp-json\/wp\/v2\/pages\/1300\/revisions"}],"wp:featuredmedia":[{"embeddable":true,"href":"https:\/\/anarma-adzic-akademija.si\/it\/wp-json\/wp\/v2\/media\/5491"}],"wp:attachment":[{"href":"https:\/\/anarma-adzic-akademija.si\/it\/wp-json\/wp\/v2\/media?parent=1300"}],"curies":[{"name":"wp","href":"https:\/\/api.w.org\/{rel}","templated":true}]}}